{"id":38,"date":"2022-09-06T16:20:10","date_gmt":"2022-09-06T14:20:10","guid":{"rendered":"http:\/\/awo-suedpfalz.de\/?page_id=38"},"modified":"2022-09-22T12:06:13","modified_gmt":"2022-09-22T10:06:13","slug":"geschaeftsstelle","status":"publish","type":"page","link":"https:\/\/awo-suedpfalz.de\/index.php\/geschaeftsstelle\/","title":{"rendered":"Gesch\u00e4ftsstelle"},"content":{"rendered":"\n<p>Wenn Sie Informationen suchen, Fragen haben, Beratung w\u00fcnschen oder an Informationsmaterial interessiert sind, kooperativen Mitgliedern der AWO suchen oder wenn Sie Mitglied oder F\u00f6rderer unserer Arbeit werden wollen, schreiben oder mailen Sie uns, oder rufen Sie uns an.<\/p>\n\n\n\n<p><strong>Mit der AWO in eine Mutter\/Vater-Kind-Kur<\/strong><\/p>\n\n\n\n<p>Mutter\/V\u00e4ter-Kind-Kuren sind Vorsorge- oder Rehabilitationsma\u00dfnahmen, die dazu beitragen, dass sich Ihre k\u00f6rperlichen Beschwerden verbessern, Krankheiten nicht chronisch werden und Sie neue Kraft und Energie tanken. Ihr Kind wird in der Klinik liebevoll betreut und sofern n\u00f6tig, auch behandelt.<\/p>\n\n\n\n<figure class=\"wp-block-image size-full\"><img loading=\"lazy\" decoding=\"async\" width=\"131\" height=\"91\" src=\"https:\/\/awo-suedpfalz.de\/wp-content\/uploads\/2022\/09\/image-1.png\" alt=\"\" class=\"wp-image-264\"\/><\/figure>\n\n\n\n<p>Ein spezifisches Gesundheitsangebot f\u00fcr M\u00fctter und V\u00e4ter stellen die Vorsorge- und Rehabilitationsma\u00dfnahmen nach \u00a7\u00a7 24, 41 SGB V dar, die der Gesetzgeber mit der Vollfinanzierung durch die Krankenkassen gesichert hat. Wenden Sie sich vertrauensvoll an den AWO Kreisverband, dieser steht Ihnen f\u00fcr eine Beratung\/Antragsverfahren gerne zur Verf\u00fcgung. Auch der Bundesverband der AWO in Bonn bietet ihnen wertvolle Tipps und gibt Hinweise zu Fragen rund um das Thema Mutter\/Vater-Kind-Kur.<\/p>\n\n\n\n<p>Anfragen richten Sie bitten an:<\/p>\n\n\n\n<p>ANSCHRIFT:<\/p>\n\n\n\n<p>Arbeiterwohlfahrt Kreisverband S\u00fcdpfalz e.V.<br>Waldstrasse 38<br>76833 Kandel<\/p>\n\n\n\n<p>Telefon +49 (0)7275 &#8211; 5691<br>Telefax +49 (0)7275 &#8211; 61307<\/p>\n\n\n\n<p><a href=\"mailto:kontakt@awo-suedpfalz.de\">kontakt@awo-suedpfalz.de<\/a><\/p>\n","protected":false},"excerpt":{"rendered":"<p>Wenn Sie Informationen suchen, Fragen haben, Beratung w\u00fcnschen oder an Informationsmaterial interessiert sind, kooperativen Mitgliedern der AWO suchen oder wenn [&hellip;]<\/p>\n","protected":false},"author":1,"featured_media":219,"parent":0,"menu_order":0,"comment_status":"closed","ping_status":"closed","template":"","meta":{"footnotes":""},"class_list":["post-38","page","type-page","status-publish","has-post-thumbnail","hentry"],"yoast_head":"<!-- This site is optimized with the Yoast SEO plugin v19.7.1 - https:\/\/yoast.com\/wordpress\/plugins\/seo\/ -->\n<title>Gesch\u00e4ftsstelle - AWO Kreisverband S\u00fcdpfalz<\/title>\n<meta name=\"description\" content=\"Gesch\u00e4ftsstelle Mutter Vater Kind Kur Kandel Waldstra\u00dfe 38 Sonja Bein AWO Mitgliedschaft Arbeiterwohlfahrt\" \/>\n<meta name=\"robots\" content=\"index, follow, max-snippet:-1, max-image-preview:large, max-video-preview:-1\" \/>\n<link rel=\"canonical\" href=\"https:\/\/awo-suedpfalz.de\/index.php\/geschaeftsstelle\/\" \/>\n<meta property=\"og:locale\" content=\"de_DE\" \/>\n<meta property=\"og:type\" content=\"article\" \/>\n<meta property=\"og:title\" content=\"Gesch\u00e4ftsstelle - AWO Kreisverband S\u00fcdpfalz\" \/>\n<meta property=\"og:description\" content=\"Gesch\u00e4ftsstelle Mutter Vater Kind Kur Kandel Waldstra\u00dfe 38 Sonja Bein AWO Mitgliedschaft Arbeiterwohlfahrt\" \/>\n<meta property=\"og:url\" content=\"https:\/\/awo-suedpfalz.de\/index.php\/geschaeftsstelle\/\" \/>\n<meta property=\"og:site_name\" content=\"AWO Kreisverband S\u00fcdpfalz\" \/>\n<meta property=\"article:modified_time\" content=\"2022-09-22T10:06:13+00:00\" \/>\n<meta property=\"og:image\" content=\"https:\/\/awo-suedpfalz.de\/wp-content\/uploads\/2022\/09\/man-593333_1920.jpg\" \/>\n\t<meta property=\"og:image:width\" content=\"1920\" \/>\n\t<meta property=\"og:image:height\" content=\"1135\" \/>\n\t<meta property=\"og:image:type\" content=\"image\/jpeg\" \/>\n<meta name=\"twitter:card\" content=\"summary_large_image\" \/>\n<meta name=\"twitter:label1\" content=\"Gesch\u00e4tzte Lesezeit\" \/>\n\t<meta name=\"twitter:data1\" content=\"2\u00a0Minuten\" \/>\n<script type=\"application\/ld+json\" class=\"yoast-schema-graph\">{\"@context\":\"https:\/\/schema.org\",\"@graph\":[{\"@type\":\"WebPage\",\"@id\":\"https:\/\/awo-suedpfalz.de\/index.php\/geschaeftsstelle\/\",\"url\":\"https:\/\/awo-suedpfalz.de\/index.php\/geschaeftsstelle\/\",\"name\":\"Gesch\u00e4ftsstelle - AWO Kreisverband S\u00fcdpfalz\",\"isPartOf\":{\"@id\":\"https:\/\/awo-suedpfalz.de\/#website\"},\"datePublished\":\"2022-09-06T14:20:10+00:00\",\"dateModified\":\"2022-09-22T10:06:13+00:00\",\"description\":\"Gesch\u00e4ftsstelle Mutter Vater Kind Kur Kandel Waldstra\u00dfe 38 Sonja Bein AWO Mitgliedschaft Arbeiterwohlfahrt\",\"breadcrumb\":{\"@id\":\"https:\/\/awo-suedpfalz.de\/index.php\/geschaeftsstelle\/#breadcrumb\"},\"inLanguage\":\"de\",\"potentialAction\":[{\"@type\":\"ReadAction\",\"target\":[\"https:\/\/awo-suedpfalz.de\/index.php\/geschaeftsstelle\/\"]}]},{\"@type\":\"BreadcrumbList\",\"@id\":\"https:\/\/awo-suedpfalz.de\/index.php\/geschaeftsstelle\/#breadcrumb\",\"itemListElement\":[{\"@type\":\"ListItem\",\"position\":1,\"name\":\"Startseite\",\"item\":\"https:\/\/awo-suedpfalz.de\/\"},{\"@type\":\"ListItem\",\"position\":2,\"name\":\"Gesch\u00e4ftsstelle\"}]},{\"@type\":\"WebSite\",\"@id\":\"https:\/\/awo-suedpfalz.de\/#website\",\"url\":\"https:\/\/awo-suedpfalz.de\/\",\"name\":\"AWO Kreisverband S\u00fcdpfalz\",\"description\":\"Wir beraten kompetent\",\"publisher\":{\"@id\":\"https:\/\/awo-suedpfalz.de\/#organization\"},\"potentialAction\":[{\"@type\":\"SearchAction\",\"target\":{\"@type\":\"EntryPoint\",\"urlTemplate\":\"https:\/\/awo-suedpfalz.de\/?s={search_term_string}\"},\"query-input\":\"required name=search_term_string\"}],\"inLanguage\":\"de\"},{\"@type\":\"Organization\",\"@id\":\"https:\/\/awo-suedpfalz.de\/#organization\",\"name\":\"AWO Kreisverband S\u00fcdpfalz\",\"url\":\"https:\/\/awo-suedpfalz.de\/\",\"sameAs\":[],\"logo\":{\"@type\":\"ImageObject\",\"inLanguage\":\"de\",\"@id\":\"https:\/\/awo-suedpfalz.de\/#\/schema\/logo\/image\/\",\"url\":\"https:\/\/awo-suedpfalz.de\/wp-content\/uploads\/2022\/09\/Awo-logo-08.svg_.png\",\"contentUrl\":\"https:\/\/awo-suedpfalz.de\/wp-content\/uploads\/2022\/09\/Awo-logo-08.svg_.png\",\"width\":700,\"height\":600,\"caption\":\"AWO Kreisverband S\u00fcdpfalz\"},\"image\":{\"@id\":\"https:\/\/awo-suedpfalz.de\/#\/schema\/logo\/image\/\"}}]}<\/script>\n<!-- \/ Yoast SEO plugin. -->","yoast_head_json":{"title":"Gesch\u00e4ftsstelle - AWO Kreisverband S\u00fcdpfalz","description":"Gesch\u00e4ftsstelle Mutter Vater Kind Kur Kandel Waldstra\u00dfe 38 Sonja Bein AWO Mitgliedschaft Arbeiterwohlfahrt","robots":{"index":"index","follow":"follow","max-snippet":"max-snippet:-1","max-image-preview":"max-image-preview:large","max-video-preview":"max-video-preview:-1"},"canonical":"https:\/\/awo-suedpfalz.de\/index.php\/geschaeftsstelle\/","og_locale":"de_DE","og_type":"article","og_title":"Gesch\u00e4ftsstelle - AWO Kreisverband S\u00fcdpfalz","og_description":"Gesch\u00e4ftsstelle Mutter Vater Kind Kur Kandel Waldstra\u00dfe 38 Sonja Bein AWO Mitgliedschaft Arbeiterwohlfahrt","og_url":"https:\/\/awo-suedpfalz.de\/index.php\/geschaeftsstelle\/","og_site_name":"AWO Kreisverband S\u00fcdpfalz","article_modified_time":"2022-09-22T10:06:13+00:00","og_image":[{"width":1920,"height":1135,"url":"https:\/\/awo-suedpfalz.de\/wp-content\/uploads\/2022\/09\/man-593333_1920.jpg","type":"image\/jpeg"}],"twitter_card":"summary_large_image","twitter_misc":{"Gesch\u00e4tzte Lesezeit":"2\u00a0Minuten"},"schema":{"@context":"https:\/\/schema.org","@graph":[{"@type":"WebPage","@id":"https:\/\/awo-suedpfalz.de\/index.php\/geschaeftsstelle\/","url":"https:\/\/awo-suedpfalz.de\/index.php\/geschaeftsstelle\/","name":"Gesch\u00e4ftsstelle - AWO Kreisverband S\u00fcdpfalz","isPartOf":{"@id":"https:\/\/awo-suedpfalz.de\/#website"},"datePublished":"2022-09-06T14:20:10+00:00","dateModified":"2022-09-22T10:06:13+00:00","description":"Gesch\u00e4ftsstelle Mutter Vater Kind Kur Kandel Waldstra\u00dfe 38 Sonja Bein AWO Mitgliedschaft Arbeiterwohlfahrt","breadcrumb":{"@id":"https:\/\/awo-suedpfalz.de\/index.php\/geschaeftsstelle\/#breadcrumb"},"inLanguage":"de","potentialAction":[{"@type":"ReadAction","target":["https:\/\/awo-suedpfalz.de\/index.php\/geschaeftsstelle\/"]}]},{"@type":"BreadcrumbList","@id":"https:\/\/awo-suedpfalz.de\/index.php\/geschaeftsstelle\/#breadcrumb","itemListElement":[{"@type":"ListItem","position":1,"name":"Startseite","item":"https:\/\/awo-suedpfalz.de\/"},{"@type":"ListItem","position":2,"name":"Gesch\u00e4ftsstelle"}]},{"@type":"WebSite","@id":"https:\/\/awo-suedpfalz.de\/#website","url":"https:\/\/awo-suedpfalz.de\/","name":"AWO Kreisverband S\u00fcdpfalz","description":"Wir beraten kompetent","publisher":{"@id":"https:\/\/awo-suedpfalz.de\/#organization"},"potentialAction":[{"@type":"SearchAction","target":{"@type":"EntryPoint","urlTemplate":"https:\/\/awo-suedpfalz.de\/?s={search_term_string}"},"query-input":"required name=search_term_string"}],"inLanguage":"de"},{"@type":"Organization","@id":"https:\/\/awo-suedpfalz.de\/#organization","name":"AWO Kreisverband S\u00fcdpfalz","url":"https:\/\/awo-suedpfalz.de\/","sameAs":[],"logo":{"@type":"ImageObject","inLanguage":"de","@id":"https:\/\/awo-suedpfalz.de\/#\/schema\/logo\/image\/","url":"https:\/\/awo-suedpfalz.de\/wp-content\/uploads\/2022\/09\/Awo-logo-08.svg_.png","contentUrl":"https:\/\/awo-suedpfalz.de\/wp-content\/uploads\/2022\/09\/Awo-logo-08.svg_.png","width":700,"height":600,"caption":"AWO Kreisverband S\u00fcdpfalz"},"image":{"@id":"https:\/\/awo-suedpfalz.de\/#\/schema\/logo\/image\/"}}]}},"_links":{"self":[{"href":"https:\/\/awo-suedpfalz.de\/index.php\/wp-json\/wp\/v2\/pages\/38","targetHints":{"allow":["GET"]}}],"collection":[{"href":"https:\/\/awo-suedpfalz.de\/index.php\/wp-json\/wp\/v2\/pages"}],"about":[{"href":"https:\/\/awo-suedpfalz.de\/index.php\/wp-json\/wp\/v2\/types\/page"}],"author":[{"embeddable":true,"href":"https:\/\/awo-suedpfalz.de\/index.php\/wp-json\/wp\/v2\/users\/1"}],"replies":[{"embeddable":true,"href":"https:\/\/awo-suedpfalz.de\/index.php\/wp-json\/wp\/v2\/comments?post=38"}],"version-history":[{"count":5,"href":"https:\/\/awo-suedpfalz.de\/index.php\/wp-json\/wp\/v2\/pages\/38\/revisions"}],"predecessor-version":[{"id":270,"href":"https:\/\/awo-suedpfalz.de\/index.php\/wp-json\/wp\/v2\/pages\/38\/revisions\/270"}],"wp:featuredmedia":[{"embeddable":true,"href":"https:\/\/awo-suedpfalz.de\/index.php\/wp-json\/wp\/v2\/media\/219"}],"wp:attachment":[{"href":"https:\/\/awo-suedpfalz.de\/index.php\/wp-json\/wp\/v2\/media?parent=38"}],"curies":[{"name":"wp","href":"https:\/\/api.w.org\/{rel}","templated":true}]}}